{"id":5234,"date":"2023-04-26T08:49:37","date_gmt":"2023-04-26T06:49:37","guid":{"rendered":"https:\/\/radarprocess.com\/proteccio-de-dades\/"},"modified":"2025-11-19T10:34:23","modified_gmt":"2025-11-19T09:34:23","slug":"proteccio-de-dades","status":"publish","type":"page","link":"https:\/\/radarprocess.com\/ca\/proteccio-de-dades\/","title":{"rendered":"Protecci\u00f3 de dades"},"content":{"rendered":"\t\t<div data-elementor-type=\"wp-page\" data-elementor-id=\"5234\" class=\"elementor elementor-5234 elementor-3797\" data-elementor-post-type=\"page\">\n\t\t\t\t\t\t<section data-particle_enable=\"false\" data-particle-mobile-disabled=\"false\" class=\"elementor-section elementor-top-section elementor-element elementor-element-1f9dab74 elementor-section-boxed elementor-section-height-default elementor-section-height-default\" data-id=\"1f9dab74\" data-element_type=\"section\">\n\t\t\t\t\t\t<div class=\"elementor-container elementor-column-gap-default\">\n\t\t\t\t\t<div class=\"elementor-column elementor-col-100 elementor-top-column elementor-element elementor-element-32cdf545\" data-id=\"32cdf545\" data-element_type=\"column\">\n\t\t\t<div class=\"elementor-widget-wrap elementor-element-populated\">\n\t\t\t\t\t\t<section data-particle_enable=\"false\" data-particle-mobile-disabled=\"false\" class=\"elementor-section elementor-inner-section elementor-element elementor-element-1a297cdf elementor-section-boxed elementor-section-height-default elementor-section-height-default\" data-id=\"1a297cdf\" data-element_type=\"section\">\n\t\t\t\t\t\t<div class=\"elementor-container elementor-column-gap-default\">\n\t\t\t\t\t<div class=\"elementor-column elementor-col-100 elementor-inner-column elementor-element elementor-element-42bbb43e\" data-id=\"42bbb43e\" data-element_type=\"column\">\n\t\t\t<div class=\"elementor-widget-wrap elementor-element-populated\">\n\t\t\t\t\t\t<div class=\"elementor-element elementor-element-76a94730 elementor-widget elementor-widget-qi_addons_for_elementor_animated_text\" data-id=\"76a94730\" data-element_type=\"widget\" data-widget_type=\"qi_addons_for_elementor_animated_text.default\">\n\t\t\t\t<div class=\"elementor-widget-container\">\n\t\t\t\t\t<div class=\"qodef-shortcode qodef-m qodef-qi-animated-text qodef--animated-by-word qodef--alignment-center qodef-qi--has-appear qodef--appear-from-bottom\" data-appear-delay=\"random\">\n\t\t<h1 class=\"qodef-m-title\">\n\t\t<span class=\"qodef-e-word\">Protecci\u00f3<\/span> <span class=\"qodef-e-word\">de<\/span> <span class=\"qodef-e-word\">dades<\/span>\t<\/h1>\n<\/div>\n\t\t\t\t<\/div>\n\t\t\t\t<\/div>\n\t\t\t\t\t<\/div>\n\t\t<\/div>\n\t\t\t\t\t<\/div>\n\t\t<\/section>\n\t\t\t\t<section data-particle_enable=\"false\" data-particle-mobile-disabled=\"false\" class=\"elementor-section elementor-inner-section elementor-element elementor-element-78852420 animated-slow elementor-section-boxed elementor-section-height-default elementor-section-height-default elementor-invisible\" data-id=\"78852420\" data-element_type=\"section\" data-settings=\"{&quot;animation&quot;:&quot;fadeIn&quot;,&quot;animation_delay&quot;:500}\">\n\t\t\t\t\t\t<div class=\"elementor-container elementor-column-gap-default\">\n\t\t\t\t\t<div class=\"elementor-column elementor-col-100 elementor-inner-column elementor-element elementor-element-660386e\" data-id=\"660386e\" data-element_type=\"column\">\n\t\t\t<div class=\"elementor-widget-wrap elementor-element-populated\">\n\t\t\t\t\t\t<div class=\"elementor-element elementor-element-2b01b77e elementor-widget elementor-widget-text-editor\" data-id=\"2b01b77e\" data-element_type=\"widget\" data-widget_type=\"text-editor.default\">\n\t\t\t\t<div class=\"elementor-widget-container\">\n\t\t\t\t\t\t\t\t\t<p style=\"font-weight: 500;\"><strong>Qui \u00e9s el Responsable del tractament de les vostres dades?<\/strong><\/p><p style=\"font-weight: 500;\">Identitat: RADAR PROCESS SL. (d&#8217;ara endavant, RADAR) <\/p><p style=\"font-weight: 500;\">Domicili: PI Pla de Llerona, c\/\u00c0ustria 9, 08520 Les Franqueses del Vall\u00e8s (Barcelona).<\/p><p style=\"font-weight: 500;\">Tel\u00e8fon: +34 93 886 96 00<\/p><p style=\"font-weight: 500;\">Mail: <a href=\"mailto:radarprocess@radraprocess.com?subject=RGPD\">radarprocess@radraprocess.com<\/a><\/p><p> <\/p><p style=\"font-weight: 500;\"><strong>Amb quina finalitat tractem les vostres dades personals?<\/strong><\/p><p style=\"font-weight: 500;\">RADAR podr\u00e0 utilitzar les dades personals que ens havia facilitat o hav\u00edem obtingut per fer comunicacions via correu electr\u00f2nic sobre esdeveniments, aix\u00ed com comunicacions que pugui ser del seu inter\u00e8s.  <\/p><p style=\"font-weight: 500;\">A RADAR podrem tractar la seva informaci\u00f3 per tal de mantenir-te informat de les newsletter que puguem realitzar.<\/p><p> <\/p><p style=\"font-weight: 500;\"><strong>Per quant de temps conservarem les vostres dades?<\/strong><\/p><p style=\"font-weight: 500;\">Les vostres dades personals es conservaran mentre hi hagi relaci\u00f3 entre les parts i no sol\u00b7liciteu la supressi\u00f3 dels enviaments de mails informatius que us realitzem.<\/p><p> <\/p><p style=\"font-weight: 500;\"><strong>Quina \u00e9s la legitimaci\u00f3 per al tractament de les vostres dades?<\/strong><\/p><p style=\"font-weight: 500;\">La base legal per al tractament de les dades \u00e9s el consentiment que ens hagi atorgat pel present tractament de les teves dades. Aquestes dades seran tractades amb la m\u00e0xima confidencialitat. <\/p><p> <\/p><p style=\"font-weight: 500;\"><strong>A quins destinataris es comunicaran les vostres dades?<\/strong><\/p><p style=\"font-weight: 500;\">Les dades personals s\u00f3n tractades \u00fanica i exclusivament per nosaltres. No es comunicaran a cap tercer, llevat d&#8217;obligaci\u00f3 legal. <\/p><p> <\/p><p style=\"font-weight: 500;\"><strong>Quins s\u00f3n els vostres drets quan ens facilita les vostres dades?<\/strong><\/p><p style=\"font-weight: 500;\">Qualsevol persona t\u00e9 dret a obtenir confirmaci\u00f3 sobre si a RADAR estem tractant dades personals que els concerneixin, o no. Les persones interessades tenen dret a accedir a les seves dades personals, aix\u00ed com a sol\u00b7licitar la rectificaci\u00f3 de les dades inexactes o, si escau, sol\u00b7licitar-ne la supressi\u00f3 quan, entre altres motius, les dades ja no siguin necess\u00e0ries per als fins que van ser recollides. En determinades circumst\u00e0ncies, els interessats podran sol\u00b7licitar la limitaci\u00f3 del tractament de les seves dades, cas en qu\u00e8 \u00fanicament les conservarem per a l&#8217;exercici o la defensa de reclamacions. En determinades circumst\u00e0ncies i per motius relacionats amb la seva situaci\u00f3 particular, els interessats es poden oposar al tractament de les seves dades. RADAR deixar\u00e0 de tractar les dades, tret de motius leg\u00edtims imperiosos, o l&#8217;exercici o la defensa de possibles reclamacions.    <\/p><p style=\"font-weight: 500;\">En qualsevol moment podreu retirar el consentiment prestat. Aix\u00ed mateix, teniu dret a reclamar davant l&#8217;Autoritat de Control en el cas que considereu que no estem atenent algun dels drets que us assisteixen i ens exerceix. <\/p>\t\t\t\t\t\t\t\t<\/div>\n\t\t\t\t<\/div>\n\t\t\t\t\t<\/div>\n\t\t<\/div>\n\t\t\t\t\t<\/div>\n\t\t<\/section>\n\t\t\t\t\t<\/div>\n\t\t<\/div>\n\t\t\t\t\t<\/div>\n\t\t<\/section>\n\t\t\t\t<\/div>\n\t\t","protected":false},"excerpt":{"rendered":"<p>Qui \u00e9s el Responsable del tractament de les vostres dades? Identitat: RADAR PROCESS SL. (d&#8217;ara endavant, RADAR) Domicili: PI Pla de Llerona, c\/\u00c0ustria 9, 08520 Les Franqueses del Vall\u00e8s (Barcelona). Tel\u00e8fon: +34 93 886 96 00 Mail: radarprocess@radraprocess.com Amb quina finalitat tractem les vostres dades personals? RADAR podr\u00e0 utilitzar les dades personals que ens havia&hellip;&nbsp;<a href=\"https:\/\/radarprocess.com\/ca\/proteccio-de-dades\/\" rel=\"bookmark\"><span class=\"screen-reader-text\">Protecci\u00f3 de dades<\/span><\/a><\/p>\n","protected":false},"author":1,"featured_media":0,"parent":0,"menu_order":0,"comment_status":"closed","ping_status":"closed","template":"elementor_header_footer","meta":{"_acf_changed":false,"neve_meta_sidebar":"","neve_meta_container":"","neve_meta_enable_content_width":"off","neve_meta_content_width":100,"neve_meta_title_alignment":"","neve_meta_author_avatar":"","neve_post_elements_order":"","neve_meta_disable_header":"","neve_meta_disable_footer":"","neve_meta_disable_title":"","footnotes":""},"class_list":["post-5234","page","type-page","status-publish","hentry"],"acf":[],"yoast_head":"<!-- This site is optimized with the Yoast SEO plugin v26.9 - https:\/\/yoast.com\/product\/yoast-seo-wordpress\/ -->\n<title>Protecci\u00f3 de dades  Radar Process<\/title>\n<meta name=\"robots\" content=\"noindex, follow\" \/>\n<meta property=\"og:locale\" content=\"ca_ES\" \/>\n<meta property=\"og:type\" content=\"article\" \/>\n<meta property=\"og:title\" content=\"Protecci\u00f3 de dades  Radar Process\" \/>\n<meta property=\"og:description\" content=\"Qui \u00e9s el Responsable del tractament de les vostres dades? Identitat: RADAR PROCESS SL. (d&#8217;ara endavant, RADAR) Domicili: PI Pla de Llerona, c\/\u00c0ustria 9, 08520 Les Franqueses del Vall\u00e8s (Barcelona). Tel\u00e8fon: +34 93 886 96 00 Mail: radarprocess@radraprocess.com Amb quina finalitat tractem les vostres dades personals? RADAR podr\u00e0 utilitzar les dades personals que ens havia&hellip;&nbsp;Protecci\u00f3 de dades\" \/>\n<meta property=\"og:url\" content=\"https:\/\/radarprocess.com\/ca\/proteccio-de-dades\/\" \/>\n<meta property=\"og:site_name\" content=\"Radar Process\" \/>\n<meta property=\"article:modified_time\" content=\"2025-11-19T09:34:23+00:00\" \/>\n<meta property=\"og:image\" content=\"https:\/\/radarprocess.com\/wp-content\/uploads\/2023\/05\/logo-1.jpg\" \/>\n\t<meta property=\"og:image:width\" content=\"402\" \/>\n\t<meta property=\"og:image:height\" content=\"232\" \/>\n\t<meta property=\"og:image:type\" content=\"image\/jpeg\" \/>\n<meta name=\"twitter:card\" content=\"summary_large_image\" \/>\n<meta name=\"twitter:label1\" content=\"Temps estimat de lectura\" \/>\n\t<meta name=\"twitter:data1\" content=\"2 minuts\" \/>\n<script type=\"application\/ld+json\" class=\"yoast-schema-graph\">{\"@context\":\"https:\/\/schema.org\",\"@graph\":[{\"@type\":\"WebPage\",\"@id\":\"https:\/\/radarprocess.com\/ca\/proteccio-de-dades\/\",\"url\":\"https:\/\/radarprocess.com\/ca\/proteccio-de-dades\/\",\"name\":\"Protecci\u00f3 de dades Radar Process\",\"isPartOf\":{\"@id\":\"https:\/\/radarprocess.com\/#website\"},\"datePublished\":\"2023-04-26T06:49:37+00:00\",\"dateModified\":\"2025-11-19T09:34:23+00:00\",\"breadcrumb\":{\"@id\":\"https:\/\/radarprocess.com\/ca\/proteccio-de-dades\/#breadcrumb\"},\"inLanguage\":\"ca\",\"potentialAction\":[{\"@type\":\"ReadAction\",\"target\":[\"https:\/\/radarprocess.com\/ca\/proteccio-de-dades\/\"]}]},{\"@type\":\"BreadcrumbList\",\"@id\":\"https:\/\/radarprocess.com\/ca\/proteccio-de-dades\/#breadcrumb\",\"itemListElement\":[{\"@type\":\"ListItem\",\"position\":1,\"name\":\"Portada\",\"item\":\"https:\/\/radarprocess.com\/ca\/inici\/\"},{\"@type\":\"ListItem\",\"position\":2,\"name\":\"Protecci\u00f3 de dades\"}]},{\"@type\":\"WebSite\",\"@id\":\"https:\/\/radarprocess.com\/#website\",\"url\":\"https:\/\/radarprocess.com\/\",\"name\":\"Radar Process\",\"description\":\"Transport pneum\u00e0tic, dosificaci\u00f3 s\u00f2lids i sitges emmagatzemades\",\"publisher\":{\"@id\":\"https:\/\/radarprocess.com\/#organization\"},\"alternateName\":\"Radar Process\",\"potentialAction\":[{\"@type\":\"SearchAction\",\"target\":{\"@type\":\"EntryPoint\",\"urlTemplate\":\"https:\/\/radarprocess.com\/?s={search_term_string}\"},\"query-input\":{\"@type\":\"PropertyValueSpecification\",\"valueRequired\":true,\"valueName\":\"search_term_string\"}}],\"inLanguage\":\"ca\"},{\"@type\":\"Organization\",\"@id\":\"https:\/\/radarprocess.com\/#organization\",\"name\":\"Radar Process\",\"alternateName\":\"Radar Process\",\"url\":\"https:\/\/radarprocess.com\/\",\"logo\":{\"@type\":\"ImageObject\",\"inLanguage\":\"ca\",\"@id\":\"https:\/\/radarprocess.com\/#\/schema\/logo\/image\/\",\"url\":\"https:\/\/radarprocess.com\/wp-content\/uploads\/2021\/11\/logo-1.jpg\",\"contentUrl\":\"https:\/\/radarprocess.com\/wp-content\/uploads\/2021\/11\/logo-1.jpg\",\"width\":330,\"height\":96,\"caption\":\"Radar Process\"},\"image\":{\"@id\":\"https:\/\/radarprocess.com\/#\/schema\/logo\/image\/\"},\"sameAs\":[\"https:\/\/www.linkedin.com\/company\/radar-process-sl\/\"]}]}<\/script>\n<!-- \/ Yoast SEO plugin. -->","yoast_head_json":{"title":"Protecci\u00f3 de dades  Radar Process","robots":{"index":"noindex","follow":"follow"},"og_locale":"ca_ES","og_type":"article","og_title":"Protecci\u00f3 de dades  Radar Process","og_description":"Qui \u00e9s el Responsable del tractament de les vostres dades? Identitat: RADAR PROCESS SL. (d&#8217;ara endavant, RADAR) Domicili: PI Pla de Llerona, c\/\u00c0ustria 9, 08520 Les Franqueses del Vall\u00e8s (Barcelona). Tel\u00e8fon: +34 93 886 96 00 Mail: radarprocess@radraprocess.com Amb quina finalitat tractem les vostres dades personals? RADAR podr\u00e0 utilitzar les dades personals que ens havia&hellip;&nbsp;Protecci\u00f3 de dades","og_url":"https:\/\/radarprocess.com\/ca\/proteccio-de-dades\/","og_site_name":"Radar Process","article_modified_time":"2025-11-19T09:34:23+00:00","og_image":[{"width":402,"height":232,"url":"https:\/\/radarprocess.com\/wp-content\/uploads\/2023\/05\/logo-1.jpg","type":"image\/jpeg"}],"twitter_card":"summary_large_image","twitter_misc":{"Temps estimat de lectura":"2 minuts"},"schema":{"@context":"https:\/\/schema.org","@graph":[{"@type":"WebPage","@id":"https:\/\/radarprocess.com\/ca\/proteccio-de-dades\/","url":"https:\/\/radarprocess.com\/ca\/proteccio-de-dades\/","name":"Protecci\u00f3 de dades Radar Process","isPartOf":{"@id":"https:\/\/radarprocess.com\/#website"},"datePublished":"2023-04-26T06:49:37+00:00","dateModified":"2025-11-19T09:34:23+00:00","breadcrumb":{"@id":"https:\/\/radarprocess.com\/ca\/proteccio-de-dades\/#breadcrumb"},"inLanguage":"ca","potentialAction":[{"@type":"ReadAction","target":["https:\/\/radarprocess.com\/ca\/proteccio-de-dades\/"]}]},{"@type":"BreadcrumbList","@id":"https:\/\/radarprocess.com\/ca\/proteccio-de-dades\/#breadcrumb","itemListElement":[{"@type":"ListItem","position":1,"name":"Portada","item":"https:\/\/radarprocess.com\/ca\/inici\/"},{"@type":"ListItem","position":2,"name":"Protecci\u00f3 de dades"}]},{"@type":"WebSite","@id":"https:\/\/radarprocess.com\/#website","url":"https:\/\/radarprocess.com\/","name":"Radar Process","description":"Transport pneum\u00e0tic, dosificaci\u00f3 s\u00f2lids i sitges emmagatzemades","publisher":{"@id":"https:\/\/radarprocess.com\/#organization"},"alternateName":"Radar Process","potentialAction":[{"@type":"SearchAction","target":{"@type":"EntryPoint","urlTemplate":"https:\/\/radarprocess.com\/?s={search_term_string}"},"query-input":{"@type":"PropertyValueSpecification","valueRequired":true,"valueName":"search_term_string"}}],"inLanguage":"ca"},{"@type":"Organization","@id":"https:\/\/radarprocess.com\/#organization","name":"Radar Process","alternateName":"Radar Process","url":"https:\/\/radarprocess.com\/","logo":{"@type":"ImageObject","inLanguage":"ca","@id":"https:\/\/radarprocess.com\/#\/schema\/logo\/image\/","url":"https:\/\/radarprocess.com\/wp-content\/uploads\/2021\/11\/logo-1.jpg","contentUrl":"https:\/\/radarprocess.com\/wp-content\/uploads\/2021\/11\/logo-1.jpg","width":330,"height":96,"caption":"Radar Process"},"image":{"@id":"https:\/\/radarprocess.com\/#\/schema\/logo\/image\/"},"sameAs":["https:\/\/www.linkedin.com\/company\/radar-process-sl\/"]}]}},"_links":{"self":[{"href":"https:\/\/radarprocess.com\/ca\/wp-json\/wp\/v2\/pages\/5234","targetHints":{"allow":["GET"]}}],"collection":[{"href":"https:\/\/radarprocess.com\/ca\/wp-json\/wp\/v2\/pages"}],"about":[{"href":"https:\/\/radarprocess.com\/ca\/wp-json\/wp\/v2\/types\/page"}],"author":[{"embeddable":true,"href":"https:\/\/radarprocess.com\/ca\/wp-json\/wp\/v2\/users\/1"}],"replies":[{"embeddable":true,"href":"https:\/\/radarprocess.com\/ca\/wp-json\/wp\/v2\/comments?post=5234"}],"version-history":[{"count":1,"href":"https:\/\/radarprocess.com\/ca\/wp-json\/wp\/v2\/pages\/5234\/revisions"}],"predecessor-version":[{"id":5236,"href":"https:\/\/radarprocess.com\/ca\/wp-json\/wp\/v2\/pages\/5234\/revisions\/5236"}],"wp:attachment":[{"href":"https:\/\/radarprocess.com\/ca\/wp-json\/wp\/v2\/media?parent=5234"}],"curies":[{"name":"wp","href":"https:\/\/api.w.org\/{rel}","templated":true}]}}