{"id":5387,"date":"2021-04-21T08:42:48","date_gmt":"2021-04-21T06:42:48","guid":{"rendered":"https:\/\/radarprocess.com\/avis-legal\/"},"modified":"2025-11-19T10:36:04","modified_gmt":"2025-11-19T09:36:04","slug":"avis-legal","status":"publish","type":"page","link":"https:\/\/radarprocess.com\/ca\/avis-legal\/","title":{"rendered":"Av\u00eds Legal"},"content":{"rendered":"\t\t<div data-elementor-type=\"wp-page\" data-elementor-id=\"5387\" class=\"elementor elementor-5387 elementor-56\" data-elementor-post-type=\"page\">\n\t\t\t\t\t\t<section data-particle_enable=\"false\" data-particle-mobile-disabled=\"false\" class=\"elementor-section elementor-top-section elementor-element elementor-element-a42085d elementor-section-boxed elementor-section-height-default elementor-section-height-default\" data-id=\"a42085d\" data-element_type=\"section\">\n\t\t\t\t\t\t<div class=\"elementor-container elementor-column-gap-default\">\n\t\t\t\t\t<div class=\"elementor-column elementor-col-100 elementor-top-column elementor-element elementor-element-7072382\" data-id=\"7072382\" data-element_type=\"column\">\n\t\t\t<div class=\"elementor-widget-wrap elementor-element-populated\">\n\t\t\t\t\t\t<section data-particle_enable=\"false\" data-particle-mobile-disabled=\"false\" class=\"elementor-section elementor-inner-section elementor-element elementor-element-b4800d5 elementor-section-boxed elementor-section-height-default elementor-section-height-default\" data-id=\"b4800d5\" data-element_type=\"section\">\n\t\t\t\t\t\t<div class=\"elementor-container elementor-column-gap-default\">\n\t\t\t\t\t<div class=\"elementor-column elementor-col-100 elementor-inner-column elementor-element elementor-element-086a71a\" data-id=\"086a71a\" data-element_type=\"column\">\n\t\t\t<div class=\"elementor-widget-wrap elementor-element-populated\">\n\t\t\t\t\t\t<div class=\"elementor-element elementor-element-e514e6b elementor-widget elementor-widget-qi_addons_for_elementor_animated_text\" data-id=\"e514e6b\" data-element_type=\"widget\" data-widget_type=\"qi_addons_for_elementor_animated_text.default\">\n\t\t\t\t<div class=\"elementor-widget-container\">\n\t\t\t\t\t<div class=\"qodef-shortcode qodef-m qodef-qi-animated-text qodef--animated-by-word qodef--alignment-center qodef-qi--has-appear qodef--appear-from-bottom\" data-appear-delay=\"random\">\n\t\t<h1 class=\"qodef-m-title\">\n\t\t<span class=\"qodef-e-word\">Av\u00eds<\/span> <span class=\"qodef-e-word\">Legal<\/span>\t<\/h1>\n<\/div>\n\t\t\t\t<\/div>\n\t\t\t\t<\/div>\n\t\t\t\t\t<\/div>\n\t\t<\/div>\n\t\t\t\t\t<\/div>\n\t\t<\/section>\n\t\t\t\t<section data-particle_enable=\"false\" data-particle-mobile-disabled=\"false\" class=\"elementor-section elementor-inner-section elementor-element elementor-element-34908de animated-slow elementor-section-boxed elementor-section-height-default elementor-section-height-default elementor-invisible\" data-id=\"34908de\" data-element_type=\"section\" data-settings=\"{&quot;animation&quot;:&quot;fadeIn&quot;,&quot;animation_delay&quot;:500}\">\n\t\t\t\t\t\t<div class=\"elementor-container elementor-column-gap-default\">\n\t\t\t\t\t<div class=\"elementor-column elementor-col-100 elementor-inner-column elementor-element elementor-element-35640c4\" data-id=\"35640c4\" data-element_type=\"column\">\n\t\t\t<div class=\"elementor-widget-wrap elementor-element-populated\">\n\t\t\t\t\t\t<div class=\"elementor-element elementor-element-053665d elementor-widget elementor-widget-text-editor\" data-id=\"053665d\" data-element_type=\"widget\" data-widget_type=\"text-editor.default\">\n\t\t\t\t<div class=\"elementor-widget-container\">\n\t\t\t\t\t\t\t\t\t<ol><li><strong><a href=\"https:\/\/radarprocess.com\/ca\/avis-legal\/#1\">Qui som?<\/a><\/strong><\/li><li><strong><a href=\"https:\/\/radarprocess.com\/ca\/avis-legal\/#2\">Acceptaci\u00f3 de les condicions d\u00fas<\/a><\/strong><\/li><li><strong><a href=\"https:\/\/radarprocess.com\/ca\/avis-legal\/#3\">Acc\u00e9s al Lloc Web i informaci\u00f3 sobre<\/a><\/strong> <a href=\"https:\/\/radarprocess.com\/ca\/avis-legal\/#3\"><strong>RADAR<\/strong><\/a><\/li><li><strong><a href=\"https:\/\/radarprocess.com\/ca\/avis-legal\/#4\">Normes d&#8217;\u00fas<\/a><\/strong><\/li><li><strong><a href=\"https:\/\/radarprocess.com\/ca\/avis-legal\/#5\">Enlla\u00e7os<\/a><\/strong><\/li><li><strong><a href=\"https:\/\/radarprocess.com\/ca\/avis-legal\/#6\">T\u00e9 pres\u00e8ncia a altres plataformes i xarxes socials<\/a><\/strong><\/li><li><strong><a href=\"https:\/\/radarprocess.com\/ca\/avis-legal\/#7\">Propietat Intel\u00b7lectual i Industrial<\/a><\/strong><\/li><li><strong><a href=\"https:\/\/radarprocess.com\/ca\/avis-legal\/#8\">Responsabilitats pel funcionament de la web<\/a><\/strong><\/li><li><strong><a href=\"https:\/\/radarprocess.com\/ca\/avis-legal\/#9\">Compleix la legalitat en mat\u00e8ria de responsabilitats<\/a><\/strong><\/li><li><strong><a href=\"https:\/\/radarprocess.com\/ca\/avis-legal\/#10\">Durada de les condicions d\u00fas<\/a><\/strong><\/li><li><strong><a href=\"https:\/\/radarprocess.com\/ca\/avis-legal\/#11\">Us convidem a comunicar qualsevol comentari o dubte<\/a><\/strong><\/li><li><strong><a href=\"https:\/\/radarprocess.com\/ca\/avis-legal\/#12\">Normativa aplicable i jurisdicci\u00f3<\/a><\/strong><\/li><\/ol><p>En aquest document trobareu tota la informaci\u00f3 necess\u00e0ria sobre els serveis que ofereix RADAR a trav\u00e9s de la p\u00e0gina web <u>www.radarprocess.com<\/u> (d&#8217;ara endavant, el Lloc Web). Us convidem a llegir-les amb deteniment ia consultar-les sempre que vulgueu. <\/p><p>Podeu adre\u00e7ar-vos a l&#8217;adre\u00e7a de correu electr\u00f2nic <u><a href=\"mailto:info@radarprocess.com\">info@radarprocess.com<\/a><\/u> . Estarem encantats d&#8217;atendre&#8217;l. <\/p><ol><li id=\"1\"><strong>Qui som?<\/strong><\/li><\/ol><p>La p\u00e0gina web <a href=\"https:\/\/www.radarprocess.com\/\"><u>www.radarprocess.com<\/u><\/a> (d&#8217;ara endavant, el Lloc Web) \u00e9s un domini a internet titularitat de RADAR PROCESS, SL (d&#8217;ara endavant RADAR). Les dades identificatives de RADAR s\u00f3n: <\/p><ul><li>CIF: B-08368656<\/li><li>Domicili: PI Pla de Llerona, c\/\u00c0ustria 9, 08520 Les Franqueses del Vall\u00e8s (Barcelona)<\/li><li>Inscrita en el Registre mercantil de la Rioja Tom 834 Llibre:0 Foli:162 Full: LO-17873<\/li><\/ul><p>Posem a la vostra disposici\u00f3 el Lloc Web per facilitar-vos l&#8217;acc\u00e9s a la informaci\u00f3 sobre els nostres productes i serveis, i perqu\u00e8, si escau, ens podeu contactar.<\/p><ol start=\"2\"><li id=\"2\"><strong>Acceptaci\u00f3 de les condicions d\u00fas<\/strong><\/li><\/ol><p>Navegant pel Lloc Web accepta plenament totes i cadascuna de les condicions legals exposades, tant a l&#8217;Av\u00eds Legal com a la Pol\u00edtica de privadesa, a la versi\u00f3 publicada per RADAR en el moment en qu\u00e8 accedeixi al Lloc Web.<\/p><p>Per adaptar els textos legals del Lloc Web als continguts del mateix en cada moment, ens reservem el dret a modificar l&#8217;Av\u00eds Legal i la Pol\u00edtica de privadesa.<\/p><p>Aquest Av\u00eds Legal regula, conjuntament, amb la Pol\u00edtica de Privadesa, la utilitzaci\u00f3 del Lloc Web. Per aix\u00f2, les posem a la vostra disposici\u00f3 perqu\u00e8 hi pugueu accedir, consultar-les, descarregar-les o imprimir-les peri\u00f2dicament, quedant informat dels drets i obligacions que us assisteixen. La informaci\u00f3 relativa al tractament que realitzem amb les vostres dades personals es troba a l&#8217;apartat &#8221;Pol\u00edtica de Privadesa&#8221;.  <\/p><ol start=\"3\"><li id=\"3\"><strong>Acc\u00e9s al Lloc Web i informaci\u00f3 sobre RADAR<\/strong><\/li><\/ol><p>L&#8217;acc\u00e9s al Lloc Web \u00e9s totalment gratu\u00eft i no requereix el registre dels usuaris, encara que RADAR es reserva el dret a restringir l&#8217;acc\u00e9s a determinades seccions i serveis.<\/p><p>Aquest Lloc Web t\u00e9 com a objectiu fonamental la difusi\u00f3 dels serveis de RADAR, aix\u00ed com facilitar informaci\u00f3 de la pr\u00f2pia empresa.<\/p><p>A trav\u00e9s del Lloc Web, us proporcionem un mitj\u00e0 de comunicaci\u00f3 perqu\u00e8 pugui contactar-nos amb la finalitat de rebre informaci\u00f3 dels nostres serveis que puguin ser del vostre inter\u00e8s, aix\u00ed com per donar resposta a consultes relacionades amb RADAR, per la qual cosa vetllarem per controlar que en tot moment la informaci\u00f3 que aparegui al Lloc Web sigui vera\u00e7, precisa i accessible.<\/p><p>RADAR no pot garantir la inexist\u00e8ncia d&#8217;interrupcions o errors en l&#8217;acc\u00e9s al lloc web o al seu contingut, ni que aquest estigui permanentment actualitzat, sense imprecisions o inexactituds. En qualsevol cas, ens comprometem a solucionar els possibles errors, interrupcions en la comunicaci\u00f3 i manca d&#8217;actualitzaci\u00f3 dels continguts com m\u00e9s aviat millor. <\/p><ol start=\"4\"><li id=\"4\"><strong>Normes d&#8217;\u00fas<\/strong><\/li><\/ol><p>Volem que la nostra web sigui un lloc agradable per a tothom. Per aix\u00f2, en navegar-hi, es compromet a utilitzar-lo de conformitat amb la llei, els bons costums i les presents Condicions. Aix\u00ed mateix, garanteix fer un \u00fas adequat del contingut del Lloc Web ia no fer-lo servir per realitzar activitats il\u00b7l\u00edcites o constitutives de delicte, que atemptin contra els drets de tercers i\/o que infringeixin la regulaci\u00f3 sobre propietat intel\u00b7lectual i industrial, o qualssevol altres normes de l&#8217;ordenament jur\u00eddic aplicable.  <\/p><p>La informaci\u00f3 que proporciona la p\u00e0gina web es far\u00e0 servir \u00fanicament per als productes i serveis que ofereix RADAR.<\/p><p>L&#8217;usuari s&#8217;obliga a utilitzar la informaci\u00f3 continguda a la present p\u00e0gina web per a les seves pr\u00f2pies necessitats exclusivament ia no realitzar directament o indirectament cap tipus d&#8217;explotaci\u00f3 comercial dels continguts i serveis a qu\u00e8 t\u00e9 acc\u00e9s.<\/p><p>Com a usuari del Lloc Web, reconeix i accepta que \u00e9s l&#8217;\u00fanic responsable de l&#8217;\u00fas que en realitzi, i dels serveis i continguts accessibles a trav\u00e9s del Lloc Web.<\/p><p>Per aix\u00f2, entre d&#8217;altres activitats, l&#8217;usuari es compromet a:<\/p><ol><li>a) No introduir o difondre continguts de car\u00e0cter racista, xen\u00f2fob, pornogr\u00e0fic, d&#8217;apologia del terrorisme o que atemptin contra els drets humans.<\/li><li>b) No introduir o difondre a la xarxa programes de dades (virus i programari nociu) susceptibles de provocar danys als sistemes inform\u00e0tics del prove\u00efdor d&#8217;acc\u00e9s, els seus prove\u00efdors o tercers Usuaris de la xarxa Internet.<\/li><li>c) No difondre, transmetre o posar a disposici\u00f3 de tercers qualsevol tipus d&#8217;informaci\u00f3, element o contingut que atempti contra els drets fonamentals i les llibertats p\u00fabliques reconeguts constitucionalment i als tractats internacionals.<\/li><li>d) No difondre, transmetre o posar a disposici\u00f3 de tercers qualsevol tipus dinformaci\u00f3, element o contingut que constitueixi publicitat il\u00b7l\u00edcita o deslleial.<\/li><li>e) No introduir o difondre qualsevol informaci\u00f3 i continguts falsos, ambigus o inexactes de manera que indueixi a error.<\/li><\/ol><p>L&#8217;usuari ser\u00e0 l&#8217;\u00fanic responsable dels danys o perjudicis que es produeixin com a conseq\u00fc\u00e8ncia d&#8217;un incompliment per part seva.<\/p><ol start=\"5\"><li id=\"5\"><strong>Enlla\u00e7os<\/strong><\/li><\/ol><p>Si voleu enlla\u00e7ar el Lloc Web a qualsevol web, f\u00f2rum, xat, plataforma o xarxa social, esteu obligats a indicar que no compteu amb la nostra supervisi\u00f3 o autoritzaci\u00f3. Per motius de protecci\u00f3 dels nostres continguts, queda prohibit l\u00fas de frames o marcs. En cap sup\u00f2sit es permet enlla\u00e7ar el Lloc Web des de webs, plataformes, f\u00f2rums, xats, blocs o xarxes socials contr\u00e0ries a la llei o als bons costums, en concret des d&#8217;aquelles amb continguts pornogr\u00e0fics o que atemptin contra els drets humans.  <\/p><p>\u00c9s important aclarir que cap enlla\u00e7 suposa una vinculaci\u00f3 entre RADAR i el lloc des del qual vinculi al Lloc Web, per la qual cosa no som responsables de les dades o continguts que proporcionin.<\/p><p>Aquesta web inclou enlla\u00e7os amb altres p\u00e0gines web de tercers, RADAR no es fa responsable de les variacions en relaci\u00f3 amb les informacions, els serveis i el contingut en general d&#8217;aquestes p\u00e0gines web.<\/p><ol start=\"6\"><li id=\"6\"><strong>T\u00e9 pres\u00e8ncia a altres plataformes i xarxes socials<\/strong><\/li><\/ol><p>Com podreu comprovar al nostre Lloc Web, RADAR utilitza xarxes socials i plataformes (LinkedIn). Si us plau, tingueu en compte en accedir a qualsevol d&#8217;aquestes xarxes o plataformes que les condicions d&#8217;\u00fas aplicables s\u00f3n les que cada plataforma t\u00e9 establertes, sobre les quals no tenim cap tipus de control. <\/p><ol start=\"7\"><li id=\"7\"><strong>Propietat intel\u00b7lectual i industrial<\/strong><\/li><\/ol><p>El Lloc Web i tots els seus continguts (entre els quals es troben, a t\u00edtol enunciatiu i no limitatiu, les marques, logotips, textos, fotografies, icones, imatges, gr\u00e0fics, tecnologia, links, continguts audiovisuals o sonors, etc., aix\u00ed com el disseny gr\u00e0fic, codi font i altres elements de programari continguts a la present p\u00e0gina Web), s\u00f3n titularitat de RADAR, i se&#8217;n s\u00f3n titulars intel\u00b7lectual i industrial, protegits per la legislaci\u00f3 espanyola i internacional. Per aix\u00f2, si voleu realitzar actes d&#8217;explotaci\u00f3 del Lloc Web o dels vostres continguts (reproduir-los, transformar-los, comunicar-los, etc., m\u00e9s enll\u00e0 de les activitats autoritzades per la Llei de Propietat Intel\u00b7lectual) cal obtenir pr\u00e8viament el nostre consentiment per escrit (dades de contacte a la cap\u00e7alera del present Av\u00eds legal), amb independ\u00e8ncia dels fins que us moguin. Aix\u00ed mateix, queda prohibit eliminar les dades identificatives de RADAR com a titular dels drets de propietat intel\u00b7lectual i industrial del Lloc Web o els seus continguts.  <\/p><p>Finalment, accepta concedir una llic\u00e8ncia d&#8217;\u00fas gratu\u00efta, sense limitaci\u00f3 territorial i per la m\u00e0xima extensi\u00f3 temporal permesa per la Llei, sobre els continguts que pugi al Lloc Web per qualsevol mitj\u00e0 o canal.<\/p><p>La responsabilitat derivada de l\u00fas sense autoritzaci\u00f3 de materials protegits pels drets de propietat intel\u00b7lectual i industrial continguts en aquesta p\u00e0gina correspondr\u00e0 exclusivament a lusuari.<\/p><p>El fet que no us demanem que deixeu de fer un \u00fas il\u00b7legal del Contingut o un \u00fas contrari a aquests termes i condicions no s&#8217;ha d&#8217;interpretar com a consentiment o autoritzaci\u00f3 per a aquest \u00fas. Tampoc constitueix una ren\u00fancia a cap acci\u00f3 legal que puguem tenir a l&#8217;abast. <\/p><ol start=\"8\"><li id=\"8\"><strong>Responsabilitats pel funcionament de la web<\/strong><\/li><\/ol><p>\u00c9s important que recordeu que us correspon tenir disponibles les eines per a la detenci\u00f3 i desinfecci\u00f3 de programes inform\u00e0tics perjudicials. Tot i que RADAR s&#8217;esfor\u00e7a per mantenir el Lloc Web lliure de virus, cucs o qualsevol altre element inform\u00e0tic nociu, no podem garantir-ne la completa abs\u00e8ncia. <\/p><p>Aix\u00ed mateix, RADAR no es responsabilitza dels danys produ\u00efts en el programari i equips inform\u00e0tics dels usuaris durant la utilitzaci\u00f3 dels serveis oferts al Lloc Web, ni dels danys o perjudicis de qualsevol tipus que li siguin causats que portin causa de fallades o desconnexions a les xarxes de telecomunicacions que produeixin la suspensi\u00f3, cancel\u00b7laci\u00f3 o interrupci\u00f3.<\/p><ol start=\"9\"><li id=\"9\"><strong>Compleix amb la legalitat en mat\u00e8ria de responsabilitats<\/strong><\/li><\/ol><p>RADAR vetlla per l&#8217;exactitud de les dades que apareixen publicades al Lloc Web. Si us plau, si hi detecta algun error, poseu-vos en contacte amb nosaltres a l&#8217;adre\u00e7a de correu electr\u00f2nic <a href=\"mailto:info@radarprocess.com\">info@radarprocess.com<\/a> . <\/p><p>Tot i aix\u00f2, i malgrat els nostres esfor\u00e7os, internet no \u00e9s un mitj\u00e0 inexpugnable, per la qual cosa no podem garantir que els continguts i informacions es mostrin sempre actualitzats en la seva \u00faltima versi\u00f3. Sempre que sigui possible, us informarem de qualsevol interrupci\u00f3 que afecti la informaci\u00f3 mostrada al Lloc Web. Aix\u00ed mateix, RADAR no ser\u00e0 responsable de l&#8217;error en l&#8217;acc\u00e9s a diferents p\u00e0gines del Lloc Web, quan aquests siguin causats per motius fora del nostre control.  <\/p><p>RADAR no ser\u00e0 responsable del mal \u00fas que els usuaris del Lloc Web puguin fer del Lloc Web o dels seus continguts, ni dels usos que siguin contraris a la bona fe, a la legalitat o al present Av\u00eds legal. Aix\u00ed mateix, RADAR declina qualsevol responsabilitat derivada de la infracci\u00f3 de drets de propietat intel\u00b7lectual de qualsevol mena per part dels usuaris. <\/p><p>No podem tampoc controlar ni gestionar la integritat, el funcionament i la veracitat dels enlla\u00e7os que puguin apar\u00e8ixer al Lloc Web a llocs d&#8217;internet que no s\u00f3n de la nostra titularitat. Per aix\u00f2, declinem qualsevol responsabilitat sobre aquests. <\/p><ol start=\"10\"><li id=\"10\"><strong>Durada de les condicions d\u00fas<\/strong><\/li><\/ol><p>Per adaptar els textos legals a la realitat del Lloc Web, ens reservem el dret de modificar-los o actualitzar-los en qualsevol moment, per la qual cosa us recomanem consultar-los amb freq\u00fc\u00e8ncia.<\/p><p>Si qualsevol cl\u00e0usula inclosa en aquest Av\u00eds Legal fos declarada totalment o parcialment nul\u00b7la o inefica\u00e7, aquesta nul\u00b7litat o inefic\u00e0cia nom\u00e9s afectar\u00e0 aquesta cl\u00e0usula o la part de la mateixa que resulti nul\u00b7la o inefica\u00e7, subsistint el present Av\u00eds Legal en tota la resta.<\/p><ol start=\"11\"><li id=\"11\"><strong>Us convidem a comunicar qualsevol comentari o dubte<\/strong><\/li><\/ol><p>Posem a la vostra disposici\u00f3 el correu electr\u00f2nic <u><a href=\"mailto:info@radarprocess.com\">info@radarprocess.com<\/a><\/u> perqu\u00e8 l&#8217;utilitzi sempre que tingueu algun dubte, consulta o comentari, tant del contingut de la web, com en relaci\u00f3 amb els termes legals d&#8217;aquesta.<\/p><p>Aix\u00ed mateix, si detecta algun error en la informaci\u00f3 oferta o en la configuraci\u00f3, actualitzaci\u00f3 i contingut del Lloc Web, us agrair\u00edem que ho posi en coneixement de RADAR a l&#8217;adre\u00e7a anteriorment referida.<\/p><ol start=\"12\"><li id=\"12\"><strong>Normativa aplicable i jurisdicci\u00f3<\/strong><\/li><\/ol><p>Aquestes Condicions es regiran i interpretaran d&#8217;acord amb la legislaci\u00f3 espanyola, igual que la resoluci\u00f3 de qualsevol controv\u00e8rsia o diverg\u00e8ncia relacionada amb aquest lloc web. L&#8217;\u00fas dels serveis d&#8217;aquest lloc web suposa l&#8217;acceptaci\u00f3 expressa de la jurisdicci\u00f3 espanyola. <\/p><p>Aix\u00ed mateix, les parts acorden que qualsevol litigi, discrep\u00e0ncia, q\u00fcesti\u00f3 o reclamaci\u00f3 resultant de l&#8217;execuci\u00f3 i interpretaci\u00f3 de les presents condicions o relacionades amb elles, o d&#8217;altres textos que puguin estar en el present lloc web, es resoldr\u00e0 als Jutjats i Tribunals de Granollers amb ren\u00fancia expressa a qualsevol altre dret o demarcaci\u00f3 jurisdiccional que pugui resultar competent en efecte lloc designat a la legislaci\u00f3 aplicable).<\/p><p>Data darrera d&#8217;actualitzaci\u00f3: maig de 2019.<\/p>\t\t\t\t\t\t\t\t<\/div>\n\t\t\t\t<\/div>\n\t\t\t\t\t<\/div>\n\t\t<\/div>\n\t\t\t\t\t<\/div>\n\t\t<\/section>\n\t\t\t\t\t<\/div>\n\t\t<\/div>\n\t\t\t\t\t<\/div>\n\t\t<\/section>\n\t\t\t\t<\/div>\n\t\t","protected":false},"excerpt":{"rendered":"<p>Qui som? Acceptaci\u00f3 de les condicions d\u00fas Acc\u00e9s al Lloc Web i informaci\u00f3 sobre RADAR Normes d&#8217;\u00fas Enlla\u00e7os T\u00e9 pres\u00e8ncia a altres plataformes i xarxes socials Propietat Intel\u00b7lectual i Industrial Responsabilitats pel funcionament de la web Compleix la legalitat en mat\u00e8ria de responsabilitats Durada de les condicions d\u00fas Us convidem a comunicar qualsevol comentari o&hellip;&nbsp;<a href=\"https:\/\/radarprocess.com\/ca\/avis-legal\/\" rel=\"bookmark\"><span class=\"screen-reader-text\">Av\u00eds Legal<\/span><\/a><\/p>\n","protected":false},"author":1,"featured_media":0,"parent":0,"menu_order":0,"comment_status":"closed","ping_status":"closed","template":"elementor_header_footer","meta":{"_acf_changed":false,"neve_meta_sidebar":"","neve_meta_container":"","neve_meta_enable_content_width":"","neve_meta_content_width":0,"neve_meta_title_alignment":"","neve_meta_author_avatar":"","neve_post_elements_order":"","neve_meta_disable_header":"","neve_meta_disable_footer":"","neve_meta_disable_title":"","footnotes":""},"class_list":["post-5387","page","type-page","status-publish","hentry"],"acf":[],"yoast_head":"<!-- This site is optimized with the Yoast SEO plugin v26.9 - https:\/\/yoast.com\/product\/yoast-seo-wordpress\/ -->\n<title>Av\u00eds Legal  Radar Process<\/title>\n<meta name=\"robots\" content=\"noindex, follow\" \/>\n<meta property=\"og:locale\" content=\"ca_ES\" \/>\n<meta property=\"og:type\" content=\"article\" \/>\n<meta property=\"og:title\" content=\"Av\u00eds Legal  Radar Process\" \/>\n<meta property=\"og:description\" content=\"Qui som? Acceptaci\u00f3 de les condicions d\u00fas Acc\u00e9s al Lloc Web i informaci\u00f3 sobre RADAR Normes d&#8217;\u00fas Enlla\u00e7os T\u00e9 pres\u00e8ncia a altres plataformes i xarxes socials Propietat Intel\u00b7lectual i Industrial Responsabilitats pel funcionament de la web Compleix la legalitat en mat\u00e8ria de responsabilitats Durada de les condicions d\u00fas Us convidem a comunicar qualsevol comentari o&hellip;&nbsp;Av\u00eds Legal\" \/>\n<meta property=\"og:url\" content=\"https:\/\/radarprocess.com\/ca\/avis-legal\/\" \/>\n<meta property=\"og:site_name\" content=\"Radar Process\" \/>\n<meta property=\"article:modified_time\" content=\"2025-11-19T09:36:04+00:00\" \/>\n<meta property=\"og:image\" content=\"https:\/\/radarprocess.com\/wp-content\/uploads\/2023\/05\/logo-1.jpg\" \/>\n\t<meta property=\"og:image:width\" content=\"402\" \/>\n\t<meta property=\"og:image:height\" content=\"232\" \/>\n\t<meta property=\"og:image:type\" content=\"image\/jpeg\" \/>\n<meta name=\"twitter:card\" content=\"summary_large_image\" \/>\n<meta name=\"twitter:label1\" content=\"Temps estimat de lectura\" \/>\n\t<meta name=\"twitter:data1\" content=\"10 minuts\" \/>\n<script type=\"application\/ld+json\" class=\"yoast-schema-graph\">{\"@context\":\"https:\/\/schema.org\",\"@graph\":[{\"@type\":\"WebPage\",\"@id\":\"https:\/\/radarprocess.com\/ca\/avis-legal\/\",\"url\":\"https:\/\/radarprocess.com\/ca\/avis-legal\/\",\"name\":\"Av\u00eds Legal Radar Process\",\"isPartOf\":{\"@id\":\"https:\/\/radarprocess.com\/#website\"},\"datePublished\":\"2021-04-21T06:42:48+00:00\",\"dateModified\":\"2025-11-19T09:36:04+00:00\",\"breadcrumb\":{\"@id\":\"https:\/\/radarprocess.com\/ca\/avis-legal\/#breadcrumb\"},\"inLanguage\":\"ca\",\"potentialAction\":[{\"@type\":\"ReadAction\",\"target\":[\"https:\/\/radarprocess.com\/ca\/avis-legal\/\"]}]},{\"@type\":\"BreadcrumbList\",\"@id\":\"https:\/\/radarprocess.com\/ca\/avis-legal\/#breadcrumb\",\"itemListElement\":[{\"@type\":\"ListItem\",\"position\":1,\"name\":\"Portada\",\"item\":\"https:\/\/radarprocess.com\/ca\/inici\/\"},{\"@type\":\"ListItem\",\"position\":2,\"name\":\"Av\u00eds Legal\"}]},{\"@type\":\"WebSite\",\"@id\":\"https:\/\/radarprocess.com\/#website\",\"url\":\"https:\/\/radarprocess.com\/\",\"name\":\"Radar Process\",\"description\":\"Transport pneum\u00e0tic, dosificaci\u00f3 s\u00f2lids i sitges emmagatzemades\",\"publisher\":{\"@id\":\"https:\/\/radarprocess.com\/#organization\"},\"alternateName\":\"Radar Process\",\"potentialAction\":[{\"@type\":\"SearchAction\",\"target\":{\"@type\":\"EntryPoint\",\"urlTemplate\":\"https:\/\/radarprocess.com\/?s={search_term_string}\"},\"query-input\":{\"@type\":\"PropertyValueSpecification\",\"valueRequired\":true,\"valueName\":\"search_term_string\"}}],\"inLanguage\":\"ca\"},{\"@type\":\"Organization\",\"@id\":\"https:\/\/radarprocess.com\/#organization\",\"name\":\"Radar Process\",\"alternateName\":\"Radar Process\",\"url\":\"https:\/\/radarprocess.com\/\",\"logo\":{\"@type\":\"ImageObject\",\"inLanguage\":\"ca\",\"@id\":\"https:\/\/radarprocess.com\/#\/schema\/logo\/image\/\",\"url\":\"https:\/\/radarprocess.com\/wp-content\/uploads\/2021\/11\/logo-1.jpg\",\"contentUrl\":\"https:\/\/radarprocess.com\/wp-content\/uploads\/2021\/11\/logo-1.jpg\",\"width\":330,\"height\":96,\"caption\":\"Radar Process\"},\"image\":{\"@id\":\"https:\/\/radarprocess.com\/#\/schema\/logo\/image\/\"},\"sameAs\":[\"https:\/\/www.linkedin.com\/company\/radar-process-sl\/\"]}]}<\/script>\n<!-- \/ Yoast SEO plugin. -->","yoast_head_json":{"title":"Av\u00eds Legal  Radar Process","robots":{"index":"noindex","follow":"follow"},"og_locale":"ca_ES","og_type":"article","og_title":"Av\u00eds Legal  Radar Process","og_description":"Qui som? Acceptaci\u00f3 de les condicions d\u00fas Acc\u00e9s al Lloc Web i informaci\u00f3 sobre RADAR Normes d&#8217;\u00fas Enlla\u00e7os T\u00e9 pres\u00e8ncia a altres plataformes i xarxes socials Propietat Intel\u00b7lectual i Industrial Responsabilitats pel funcionament de la web Compleix la legalitat en mat\u00e8ria de responsabilitats Durada de les condicions d\u00fas Us convidem a comunicar qualsevol comentari o&hellip;&nbsp;Av\u00eds Legal","og_url":"https:\/\/radarprocess.com\/ca\/avis-legal\/","og_site_name":"Radar Process","article_modified_time":"2025-11-19T09:36:04+00:00","og_image":[{"width":402,"height":232,"url":"https:\/\/radarprocess.com\/wp-content\/uploads\/2023\/05\/logo-1.jpg","type":"image\/jpeg"}],"twitter_card":"summary_large_image","twitter_misc":{"Temps estimat de lectura":"10 minuts"},"schema":{"@context":"https:\/\/schema.org","@graph":[{"@type":"WebPage","@id":"https:\/\/radarprocess.com\/ca\/avis-legal\/","url":"https:\/\/radarprocess.com\/ca\/avis-legal\/","name":"Av\u00eds Legal Radar Process","isPartOf":{"@id":"https:\/\/radarprocess.com\/#website"},"datePublished":"2021-04-21T06:42:48+00:00","dateModified":"2025-11-19T09:36:04+00:00","breadcrumb":{"@id":"https:\/\/radarprocess.com\/ca\/avis-legal\/#breadcrumb"},"inLanguage":"ca","potentialAction":[{"@type":"ReadAction","target":["https:\/\/radarprocess.com\/ca\/avis-legal\/"]}]},{"@type":"BreadcrumbList","@id":"https:\/\/radarprocess.com\/ca\/avis-legal\/#breadcrumb","itemListElement":[{"@type":"ListItem","position":1,"name":"Portada","item":"https:\/\/radarprocess.com\/ca\/inici\/"},{"@type":"ListItem","position":2,"name":"Av\u00eds Legal"}]},{"@type":"WebSite","@id":"https:\/\/radarprocess.com\/#website","url":"https:\/\/radarprocess.com\/","name":"Radar Process","description":"Transport pneum\u00e0tic, dosificaci\u00f3 s\u00f2lids i sitges emmagatzemades","publisher":{"@id":"https:\/\/radarprocess.com\/#organization"},"alternateName":"Radar Process","potentialAction":[{"@type":"SearchAction","target":{"@type":"EntryPoint","urlTemplate":"https:\/\/radarprocess.com\/?s={search_term_string}"},"query-input":{"@type":"PropertyValueSpecification","valueRequired":true,"valueName":"search_term_string"}}],"inLanguage":"ca"},{"@type":"Organization","@id":"https:\/\/radarprocess.com\/#organization","name":"Radar Process","alternateName":"Radar Process","url":"https:\/\/radarprocess.com\/","logo":{"@type":"ImageObject","inLanguage":"ca","@id":"https:\/\/radarprocess.com\/#\/schema\/logo\/image\/","url":"https:\/\/radarprocess.com\/wp-content\/uploads\/2021\/11\/logo-1.jpg","contentUrl":"https:\/\/radarprocess.com\/wp-content\/uploads\/2021\/11\/logo-1.jpg","width":330,"height":96,"caption":"Radar Process"},"image":{"@id":"https:\/\/radarprocess.com\/#\/schema\/logo\/image\/"},"sameAs":["https:\/\/www.linkedin.com\/company\/radar-process-sl\/"]}]}},"_links":{"self":[{"href":"https:\/\/radarprocess.com\/ca\/wp-json\/wp\/v2\/pages\/5387","targetHints":{"allow":["GET"]}}],"collection":[{"href":"https:\/\/radarprocess.com\/ca\/wp-json\/wp\/v2\/pages"}],"about":[{"href":"https:\/\/radarprocess.com\/ca\/wp-json\/wp\/v2\/types\/page"}],"author":[{"embeddable":true,"href":"https:\/\/radarprocess.com\/ca\/wp-json\/wp\/v2\/users\/1"}],"replies":[{"embeddable":true,"href":"https:\/\/radarprocess.com\/ca\/wp-json\/wp\/v2\/comments?post=5387"}],"version-history":[{"count":1,"href":"https:\/\/radarprocess.com\/ca\/wp-json\/wp\/v2\/pages\/5387\/revisions"}],"predecessor-version":[{"id":5388,"href":"https:\/\/radarprocess.com\/ca\/wp-json\/wp\/v2\/pages\/5387\/revisions\/5388"}],"wp:attachment":[{"href":"https:\/\/radarprocess.com\/ca\/wp-json\/wp\/v2\/media?parent=5387"}],"curies":[{"name":"wp","href":"https:\/\/api.w.org\/{rel}","templated":true}]}}